{"id":1730,"date":"2022-06-22T19:08:24","date_gmt":"2022-06-22T17:08:24","guid":{"rendered":"https:\/\/www.tasteofsardinia.it\/?page_id=1730"},"modified":"2022-06-22T19:08:25","modified_gmt":"2022-06-22T17:08:25","slug":"privacy","status":"publish","type":"page","link":"https:\/\/www.tasteofsardinia.it\/?page_id=1730","title":{"rendered":"PRIVACY"},"content":{"rendered":"\n<p>Il Regolamento UE 2016\/679, meglio noto come DGPR , \u00e8 un regolamento europeo in materia di trattamento dei dati personali e privacy. Con questo regolamento, si intende rafforzare e rendere pi\u00f9 omogenea la protezione dei dati personali di cittadini e dei residenti dell&#8217;unione europea, sia all&#8217;interno che all&#8217;esterno dei confini dell&#8217;unione. La normativa \u00e8 entrata in vigore il 25 maggio 2018.<\/p>\n\n\n\n<p>Per rispettare il regolamento, tutte le associazioni e gli enti assimilabili, nel caso di raccolta di dati personali, come ad esempio in occasione dell\u2019iscrizione del socio o dell\u2019adesione ad una attivit\u00e0 associativa, dovranno comunicargli un\u2019apposita informativa sul trattamento dei dati personali.<\/p>\n\n\n\n<p>L\u2019informativa avvisa l\u2019interessato di quali sono i dati oggetto del trattamento, delle finalit\u00e0 e delle modalit\u00e0 del trattamento, del periodo di conservazione dei dati, e pi\u00f9 in generale di tutti i suoi diritti a tutela della sua privacy.<\/p>\n\n\n\n<p>Di seguito pubblichiamo un pro forma dell\u2019informativa, da riadattare comunque caso per caso, a seconda delle specifiche esigenze.<\/p>\n\n\n\n<p><strong>INFORMATIVA PER TRATTAMENTO DI DATI PERSONALI RACCOLTI PRESSO L\u2019INTERESSATO<\/strong><\/p>\n\n\n\n<p>In relazione a quanto previsto dal Reg. UE 2016\/679 (Regolamento Europeo per la protezione dei dati personali) con la presente comunichiamo le dovute informazioni in ordine al trattamento dei dati personali forniti dall\u2019interessato.<br>La presente informativa che \u00e8 resa ai sensi dell\u2019 art. 13 della Reg. UE 2016\/679 (Regolamento Europeo per la protezione dei dati personali) e ai sensi dell\u2019art. 13 D.Lgs. 30.6.2003 n. 196 (Codice Privacy).<br><strong>1. TITOLARE DEL TRATTAMENTO<\/strong><br>Ai sensi degli artt. 4 e 24 del Reg. UE 2016\/679 il titolare del trattamento \u00e8 l\u2019Associazione Taste of Tardinia<br><strong>2. DATI OGGETTO DEL TRATTAMENTO<\/strong><br>Il Titolare del Trattamento tratta i dati personali identificativi (Domingo Arru), comunicati dall\u2019interessato in occasione dell\u2019adesione all\u2019associazione.<\/p>\n\n\n\n<p><br><strong>3. FINALIT\u00c0 E LICEITA\u2019 DEL TRATTAMENTO<\/strong><br>I dati di natura personale forniti, saranno oggetto di trattamento nel rispetto delle condizioni di liceit\u00e0 ex art. 6 lett. b del Reg. UE 2016\/679, ovvero per l\u2019adesione e la partecipazione all\u2019associazione e lo svolgimento della attivit\u00e0 proposte a favore degli associati, ed in particolare:<br>&#8211; iscrizione nel libro soci;<br>&#8211; partecipazione alla vita associativa;<br>&#8211; informazione sulle attivit\u00e0 e sulle altre iniziative proposte;<br>&#8211; eventuale compilazione di form di raccolta dati per l\u2019invio di una richiesta informazioni al titolare del trattamento;<br>&#8230;&#8230;&#8230;&#8230;&#8230;&#8230;&#8230;&#8230;&#8230;&#8230;&#8230;&#8230;&#8230;..<br>&#8211; adempiere agli obblighi contrattuali, di legge e finalit\u00e0 amministrativo-contabile. Ai fini dell\u2019applicazione delle disposizioni in materia di protezione dei dati personali, i trattamenti effettuati per finalit\u00e0 amministrativo-contabili sono quelli connessi allo svolgimento delle attivit\u00e0 di natura organizzativa, amministrativa, finanziaria e contabile, a prescindere dalla natura dei dati trattati;<br>&#8211; adempiere agli obblighi previsti dalla legge, da un regolamento, dalla normativa comunitaria o da un ordine dell\u2019Autorit\u00e0 (come ad esempio in materia di antiriciclaggio);<br>&#8211; esercitare i diritti del Titolare, ad esempio il diritto di difesa in giudizio;<br><strong>4. DESTINATARI O CATEGORIE DI DESTINATARI DEI DATI<\/strong><br>I dati di natura personale forniti potranno essere comunicati a destinatari, nominati ex art. 28 del Reg. UE 2016\/679, che tratteranno i dati in qualit\u00e0 di responsabili e\/o in qualit\u00e0 di persone fisiche che agiscono sotto l\u2019autorit\u00e0 del Titolare e del Responsabile del trattamento, al fine di ottemperare ai contratti o finalit\u00e0 connesse. Precisamente, i dati potranno essere comunicati a destinatari appartenenti alle seguenti categorie:<br>\u2013 soggetti che forniscono servizi per la gestione del sistema informatico e delle reti di comunicazione del Titolare del Trattamento;<br>\u2013 studi o societ\u00e0 nell\u2019ambito di rapporti di assistenza e consulenza;<br>\u2013 autorit\u00e0 competenti per adempimenti di obblighi di legge e\/o di disposizioni di organi pubblici, su richiesta;<br>I soggetti appartenenti alle categorie suddette svolgono la funzione di Responsabile del trattamento dei dati, oppure operano in totale autonomia come distinti Titolari del trattamento.<br><strong>5. TRASFERIMENTO DATI VERSO UN PAESE TERZO E\/O UN\u2019ORGANIZZAZIONE INTERNAZIONALE<\/strong><br>I dati di natura personale forniti dall\u2019interessato, non saranno trasferiti all\u2019estero all\u2019interno o all\u2019esterno dell\u2019Unione Europea.<br><strong>6. MODALITA\u2019 DI TRATTAMENTO<\/strong><br>Il trattamento dei dati personali dell\u2019interessato \u00e8 realizzato per mezzo delle operazioni indicate all\u2019art. 4 n. 2) GDPR del Reg. UE 2016\/679 e precisamente: raccolta, registrazione, organizzazione, conservazione, consultazione, elaborazione, modificazione, selezione, estrazione, raffronto, utilizzo, interconnessione, blocco, comunicazione, cancellazione e distruzione dei dati. I dati personali sono sottoposti a trattamento sia cartaceo che elettronico e\/o automatizzato.<br><strong>7. PERIODO DI CONSERVAZIONE DEI DATI<\/strong><br>Il trattamento sar\u00e0 svolto in forma automatizzata e\/o manuale, con modalit\u00e0 e strumenti volti a garantire la massima sicurezza e riservatezza, ad opera di soggetti a ci\u00f2 appositamente incaricati.<br>Nel rispetto di quanto previsto dall\u2019art. 5 comma 1 lett. e) del Reg. UE 2016\/679 i dati personali raccolti verranno conservati in una forma che consenta l\u2019identificazione degli interessati per un arco di tempo non superiore al conseguimento delle finalit\u00e0 per le quali i dati personali sono trattati.<br><strong>8. NATURA DEL CONFERIMENTO E RIFIUTO<\/strong><br>Il conferimento dei dati personali per le finalit\u00e0 di cui al punto 3 del presente documento informativo \u00e8 necessario per dare seguito all\u2019adesione all\u2019associazione. Il mancato conferimento dei dati personali pu\u00f2 comportare l\u2019impossibilit\u00e0 di ottenere tale adesione.<br><strong>9. DIRITTI DEGLI INTERESSATI<\/strong><br>L\u2019interessato potr\u00e0 far valere i propri diritti come espressi dagli artt. 15, 16, 17, 18, 19, 20, 21, 22 del Regolamento UE 2016\/679, rivolgendosi al Titolare del Trattamento, tramite all\u2019indirizzo di posta elettronica info@tasteofsardinia.it<br>L\u2019interessato ha il diritto, in qualunque momento di:<br>\u2013 ottenere la conferma dell&#8217;esistenza o meno di dati personali che lo riguardano, anche se non ancora registrati, e la loro comunicazione in forma intelligibile;<br>\u2013 ottenere l&#8217;indicazione: a) dell&#8217;origine dei dati personali; b) delle finalit\u00e0 e modalit\u00e0 del trattamento; c) della logica applicata in caso di trattamento effettuato con l&#8217;ausilio di strumenti elettronici; d) degli estremi identificativi del titolare, dei responsabili e del rappresentante designato ai sensi dell&#8217;art. 5, comma 2 Codice Privacy e art. 3, comma 1, GDPR; e) dei soggetti o delle categorie di soggetti ai quali i dati personali possono essere comunicati o che possono venirne a conoscenza in qualit\u00e0 di rappresentante designato nel territorio dello Stato, di responsabili o incaricati;<br>\u2013 ottenere: a) l&#8217;aggiornamento, la rettificazione ovvero, quando vi ha interesse, l&#8217;integrazione dei dati; b) la cancellazione, la trasformazione in forma anonima o il blocco dei dati trattati in violazione di legge, compresi quelli di cui non \u00e8 necessaria la conservazione in relazione agli scopi per i quali i dati sono stati raccolti o successivamente trattati; c) l&#8217;attestazione che le operazioni di cui alle lettere a) e b) sono state portate a conoscenza, anche per quanto riguarda il loro contenuto, di coloro ai quali i dati sono stati comunicati o diffusi, eccettuato il caso in cui tale adempimento si rivela impossibile o comporta un impiego di mezzi manifestamente sproporzionato rispetto al diritto tutelato;<br>\u2013 opporsi, in tutto o in parte: a) per motivi legittimi al trattamento dei dati personali che lo riguardano, ancorch\u00e9 pertinenti allo scopo della raccolta; b) al trattamento di dati personali che lo riguardano a fini di invio di materiale pubblicitario o di vendita diretta o per il compimento di ricerche di mercato o di comunicazione commerciale, mediante l\u2019uso di sistemi automatizzati di chiamata senza l\u2019intervento di un operatore mediante e-mail e\/o mediante modalit\u00e0 di marketing tradizionali mediante telefono e\/o posta cartacea.<br>Ove applicabili, l\u2019interessato ha altres\u00ec i diritti di cui agli artt. 16-21 GDPR (Diritto di rettifica, diritto all\u2019oblio, diritto di limitazione di trattamento, diritto alla portabilit\u00e0 dei dati, diritto di opposizione),<br>Fatto salvo ogni altro ricorso amministrativo e giurisdizionale, se l\u2019interessato ritiene che il trattamento dei dati che lo riguardano violi quanto previsto dal Reg. UE 2016\/679, ai sensi dell\u2019art. 15 lettera f) del succitato Reg. UE 2016\/679, ha il diritto di proporre reclamo al Garante per la protezione dei dati personali e, con riferimento all\u2019art. 6 paragrafo 1, lettera a) e art. 9, paragrafo 2, lettera a), ha il diritto di revocare in qualsiasi momento il consenso prestato.<br>Nel caso di richiesta di portabilit\u00e0 del dato da parte dell\u2019interessato, il Titolare del trattamento fornir\u00e0 in un formato di uso comune e leggibile i dati personali che lo riguardano, fatto salvo i commi 3 e 4 dell\u2019art. 20 del Reg. UE 2016\/679.<\/p>\n","protected":false},"excerpt":{"rendered":"<p>Il Regolamento UE 2016\/679, meglio noto come DGPR , \u00e8 un regolamento europeo in materia di trattamento dei dati personali e privacy. Con questo regolamento, si intende rafforzare e rendere pi\u00f9 omogenea la protezione dei dati personali di cittadini e dei residenti dell&#8217;unione europea, sia all&#8217;interno che all&#8217;esterno dei confini dell&#8217;unione. La normativa \u00e8 entrata<\/p>\n","protected":false},"author":1,"featured_media":0,"parent":0,"menu_order":0,"comment_status":"closed","ping_status":"closed","template":"","meta":{"footnotes":""},"yoast_head":"<!-- This site is optimized with the Yoast SEO plugin v16.7 - https:\/\/yoast.com\/wordpress\/plugins\/seo\/ -->\n<title>PRIVACY - TASTE OF SARDINIA - Gusto di Sardegna<\/title>\n<meta name=\"robots\" content=\"index, follow, max-snippet:-1, max-image-preview:large, max-video-preview:-1\" \/>\n<link rel=\"canonical\" href=\"https:\/\/www.tasteofsardinia.it\/?page_id=1730\" \/>\n<meta property=\"og:locale\" content=\"it_IT\" \/>\n<meta property=\"og:type\" content=\"article\" \/>\n<meta property=\"og:title\" content=\"PRIVACY - TASTE OF SARDINIA - Gusto di Sardegna\" \/>\n<meta property=\"og:description\" content=\"Il Regolamento UE 2016\/679, meglio noto come DGPR , \u00e8 un regolamento europeo in materia di trattamento dei dati personali e privacy. Con questo regolamento, si intende rafforzare e rendere pi\u00f9 omogenea la protezione dei dati personali di cittadini e dei residenti dell&#8217;unione europea, sia all&#8217;interno che all&#8217;esterno dei confini dell&#8217;unione. La normativa \u00e8 entrata\" \/>\n<meta property=\"og:url\" content=\"https:\/\/www.tasteofsardinia.it\/?page_id=1730\" \/>\n<meta property=\"og:site_name\" content=\"TASTE OF SARDINIA - Gusto di Sardegna\" \/>\n<meta property=\"article:modified_time\" content=\"2022-06-22T17:08:25+00:00\" \/>\n<meta name=\"twitter:card\" content=\"summary_large_image\" \/>\n<meta name=\"twitter:site\" content=\"@Tasteofsardinia\" \/>\n<meta name=\"twitter:label1\" content=\"Tempo di lettura stimato\" \/>\n\t<meta name=\"twitter:data1\" content=\"6 minuti\" \/>\n<script type=\"application\/ld+json\" class=\"yoast-schema-graph\">{\"@context\":\"https:\/\/schema.org\",\"@graph\":[{\"@type\":\"Organization\",\"@id\":\"https:\/\/www.tasteofsardinia.it\/#organization\",\"name\":\"TASTE O SARDINIA\",\"url\":\"https:\/\/www.tasteofsardinia.it\/\",\"sameAs\":[\"https:\/\/twitter.com\/Tasteofsardinia\"],\"logo\":{\"@type\":\"ImageObject\",\"@id\":\"https:\/\/www.tasteofsardinia.it\/#logo\",\"inLanguage\":\"it-IT\",\"url\":\"https:\/\/www.tasteofsardinia.it\/wp-content\/uploads\/2018\/01\/consegna-logo.png\",\"contentUrl\":\"https:\/\/www.tasteofsardinia.it\/wp-content\/uploads\/2018\/01\/consegna-logo.png\",\"width\":200,\"height\":190,\"caption\":\"TASTE O SARDINIA\"},\"image\":{\"@id\":\"https:\/\/www.tasteofsardinia.it\/#logo\"}},{\"@type\":\"WebSite\",\"@id\":\"https:\/\/www.tasteofsardinia.it\/#website\",\"url\":\"https:\/\/www.tasteofsardinia.it\/\",\"name\":\"TASTE OF SARDINIA - Gusto di Sardegna\",\"description\":\"Promozione del turismo enogastronomico e per la tutela dell&#039;identit\\u00e0 Territoriale dei prodotti agroalimentari e vinicoli. Programmazione e promozione Tours enogastronomici e culturali.  Marchio di Identit\\u00e0 Territoriale Registrazione \\u00ae n. 302016000035074\",\"publisher\":{\"@id\":\"https:\/\/www.tasteofsardinia.it\/#organization\"},\"potentialAction\":[{\"@type\":\"SearchAction\",\"target\":{\"@type\":\"EntryPoint\",\"urlTemplate\":\"https:\/\/www.tasteofsardinia.it\/?s={search_term_string}\"},\"query-input\":\"required name=search_term_string\"}],\"inLanguage\":\"it-IT\"},{\"@type\":\"WebPage\",\"@id\":\"https:\/\/www.tasteofsardinia.it\/?page_id=1730#webpage\",\"url\":\"https:\/\/www.tasteofsardinia.it\/?page_id=1730\",\"name\":\"PRIVACY - TASTE OF SARDINIA - Gusto di Sardegna\",\"isPartOf\":{\"@id\":\"https:\/\/www.tasteofsardinia.it\/#website\"},\"datePublished\":\"2022-06-22T17:08:24+00:00\",\"dateModified\":\"2022-06-22T17:08:25+00:00\",\"breadcrumb\":{\"@id\":\"https:\/\/www.tasteofsardinia.it\/?page_id=1730#breadcrumb\"},\"inLanguage\":\"it-IT\",\"potentialAction\":[{\"@type\":\"ReadAction\",\"target\":[\"https:\/\/www.tasteofsardinia.it\/?page_id=1730\"]}]},{\"@type\":\"BreadcrumbList\",\"@id\":\"https:\/\/www.tasteofsardinia.it\/?page_id=1730#breadcrumb\",\"itemListElement\":[{\"@type\":\"ListItem\",\"position\":1,\"name\":\"Home\",\"item\":\"https:\/\/www.tasteofsardinia.it\/\"},{\"@type\":\"ListItem\",\"position\":2,\"name\":\"PRIVACY\"}]}]}<\/script>\n<!-- \/ Yoast SEO plugin. -->","yoast_head_json":{"title":"PRIVACY - TASTE OF SARDINIA - Gusto di Sardegna","robots":{"index":"index","follow":"follow","max-snippet":"max-snippet:-1","max-image-preview":"max-image-preview:large","max-video-preview":"max-video-preview:-1"},"canonical":"https:\/\/www.tasteofsardinia.it\/?page_id=1730","og_locale":"it_IT","og_type":"article","og_title":"PRIVACY - TASTE OF SARDINIA - Gusto di Sardegna","og_description":"Il Regolamento UE 2016\/679, meglio noto come DGPR , \u00e8 un regolamento europeo in materia di trattamento dei dati personali e privacy. Con questo regolamento, si intende rafforzare e rendere pi\u00f9 omogenea la protezione dei dati personali di cittadini e dei residenti dell&#8217;unione europea, sia all&#8217;interno che all&#8217;esterno dei confini dell&#8217;unione. La normativa \u00e8 entrata","og_url":"https:\/\/www.tasteofsardinia.it\/?page_id=1730","og_site_name":"TASTE OF SARDINIA - Gusto di Sardegna","article_modified_time":"2022-06-22T17:08:25+00:00","twitter_card":"summary_large_image","twitter_site":"@Tasteofsardinia","twitter_misc":{"Tempo di lettura stimato":"6 minuti"},"schema":{"@context":"https:\/\/schema.org","@graph":[{"@type":"Organization","@id":"https:\/\/www.tasteofsardinia.it\/#organization","name":"TASTE O SARDINIA","url":"https:\/\/www.tasteofsardinia.it\/","sameAs":["https:\/\/twitter.com\/Tasteofsardinia"],"logo":{"@type":"ImageObject","@id":"https:\/\/www.tasteofsardinia.it\/#logo","inLanguage":"it-IT","url":"https:\/\/www.tasteofsardinia.it\/wp-content\/uploads\/2018\/01\/consegna-logo.png","contentUrl":"https:\/\/www.tasteofsardinia.it\/wp-content\/uploads\/2018\/01\/consegna-logo.png","width":200,"height":190,"caption":"TASTE O SARDINIA"},"image":{"@id":"https:\/\/www.tasteofsardinia.it\/#logo"}},{"@type":"WebSite","@id":"https:\/\/www.tasteofsardinia.it\/#website","url":"https:\/\/www.tasteofsardinia.it\/","name":"TASTE OF SARDINIA - Gusto di Sardegna","description":"Promozione del turismo enogastronomico e per la tutela dell&#039;identit\u00e0 Territoriale dei prodotti agroalimentari e vinicoli. Programmazione e promozione Tours enogastronomici e culturali.  Marchio di Identit\u00e0 Territoriale Registrazione \u00ae n. 302016000035074","publisher":{"@id":"https:\/\/www.tasteofsardinia.it\/#organization"},"potentialAction":[{"@type":"SearchAction","target":{"@type":"EntryPoint","urlTemplate":"https:\/\/www.tasteofsardinia.it\/?s={search_term_string}"},"query-input":"required name=search_term_string"}],"inLanguage":"it-IT"},{"@type":"WebPage","@id":"https:\/\/www.tasteofsardinia.it\/?page_id=1730#webpage","url":"https:\/\/www.tasteofsardinia.it\/?page_id=1730","name":"PRIVACY - TASTE OF SARDINIA - Gusto di Sardegna","isPartOf":{"@id":"https:\/\/www.tasteofsardinia.it\/#website"},"datePublished":"2022-06-22T17:08:24+00:00","dateModified":"2022-06-22T17:08:25+00:00","breadcrumb":{"@id":"https:\/\/www.tasteofsardinia.it\/?page_id=1730#breadcrumb"},"inLanguage":"it-IT","potentialAction":[{"@type":"ReadAction","target":["https:\/\/www.tasteofsardinia.it\/?page_id=1730"]}]},{"@type":"BreadcrumbList","@id":"https:\/\/www.tasteofsardinia.it\/?page_id=1730#breadcrumb","itemListElement":[{"@type":"ListItem","position":1,"name":"Home","item":"https:\/\/www.tasteofsardinia.it\/"},{"@type":"ListItem","position":2,"name":"PRIVACY"}]}]}},"_links":{"self":[{"href":"https:\/\/www.tasteofsardinia.it\/index.php?rest_route=\/wp\/v2\/pages\/1730"}],"collection":[{"href":"https:\/\/www.tasteofsardinia.it\/index.php?rest_route=\/wp\/v2\/pages"}],"about":[{"href":"https:\/\/www.tasteofsardinia.it\/index.php?rest_route=\/wp\/v2\/types\/page"}],"author":[{"embeddable":true,"href":"https:\/\/www.tasteofsardinia.it\/index.php?rest_route=\/wp\/v2\/users\/1"}],"replies":[{"embeddable":true,"href":"https:\/\/www.tasteofsardinia.it\/index.php?rest_route=%2Fwp%2Fv2%2Fcomments&post=1730"}],"version-history":[{"count":1,"href":"https:\/\/www.tasteofsardinia.it\/index.php?rest_route=\/wp\/v2\/pages\/1730\/revisions"}],"predecessor-version":[{"id":1731,"href":"https:\/\/www.tasteofsardinia.it\/index.php?rest_route=\/wp\/v2\/pages\/1730\/revisions\/1731"}],"wp:attachment":[{"href":"https:\/\/www.tasteofsardinia.it\/index.php?rest_route=%2Fwp%2Fv2%2Fmedia&parent=1730"}],"curies":[{"name":"wp","href":"https:\/\/api.w.org\/{rel}","templated":true}]}}